{"id":27,"date":"2020-07-14T15:54:05","date_gmt":"2020-07-14T13:54:05","guid":{"rendered":"https:\/\/sole.promoservicebeta.com\/?page_id=27"},"modified":"2022-04-07T09:47:14","modified_gmt":"2022-04-07T07:47:14","slug":"privacy-policy","status":"publish","type":"page","link":"https:\/\/www.algabbiano.it\/it\/privacy-policy\/","title":{"rendered":"Privacy policy"},"content":{"rendered":"<div  class=\"grids-section grids-is-advanced alignwide\" style=\"--_gs-gap-desktop:0px 0px;--_gs-m-desktop:0 0 0 0;--_gs-p-desktop:0 0 0 0;--_gs-bg-desktop:transparent none;--_gs-bg-xp-desktop:0px;--_gs-zi-desktop:auto;--_gs-d-desktop:block;--_gs-mw-desktop:calc(100% - 0 - 0);--_gs-gap-tablet:0px 0px;--_gs-m-tablet:0 0 0 0;--_gs-p-tablet:0 0 0 0;--_gs-bg-tablet:transparent none;--_gs-bg-xp-tablet:0px;--_gs-zi-tablet:auto;--_gs-d-tablet:block;--_gs-mw-tablet:calc(100% - 0 - 0);--_gs-gap-mobile:0px 0px;--_gs-m-mobile:0 0 0 0;--_gs-p-mobile:0 0 0 0;--_gs-bg-mobile:transparent none;--_gs-bg-xp-mobile:0px;--_gs-zi-mobile:auto;--_gs-d-mobile:block;--_gs-mw-mobile:calc(100% - 0 - 0);--_gs-columns:12;--_gs-rows:6\"><div class=\"grids-s-w_i\">\n<div class=\"grids-area\" style=\"--_ga-column:1\/13;--_ga-row:1\/2;--_ga-m-desktop:0 0 0 0;--_ga-p-desktop:0 0 0 0;--_ga-bg-desktop:transparent none;--_ga-zi-desktop:auto;--_ga-d-desktop:flex;--_ga-mw-desktop:calc(100% - 0 - 0);--_ga-m-tablet:0 0 0 0;--_ga-p-tablet:0 0 0 0;--_ga-bg-tablet:transparent none;--_ga-zi-tablet:auto;--_ga-d-tablet:flex;--_ga-mw-tablet:calc(100% - 0 - 0);--_ga-m-mobile:0 0 0 0;--_ga-p-mobile:0 0 0 0;--_ga-bg-mobile:transparent none;--_ga-zi-mobile:auto;--_ga-d-mobile:flex;--_ga-mw-mobile:calc(100% - 0 - 0)\">\n\n<div class=\"container\">\n\t\t\t\t<div class=\"row\">\n\t\t\t\t\t<div class=\"col-lg-12 col-md-12 col-sm-12 col-xs-12\">\n\n\n<h2 style=\"text-align:left;padding-left:20px;\"><strong>Informativa ai sensi dell&#8217;Art. 13 del Regolamento (UE) 2016\/679 &#8211; WEB<\/strong><\/h2>\n\t  \t<p style=\"font-size:12px;text-align:right;\"><em>versione n.0 del 07-04-2022<\/em><\/p>\n\t  \t<p style=\"text-align:justify;padding-left:20px;\">Con il presente documento (\u201cInformativa\u201d) il Titolare del trattamento, come di seguito definito, desidera informarla sulle finalit\u00e0 e le modalit\u00e0 del trattamento dei Suoi dati personali e sui diritti che Le sono riconosciuti dal Regolamento (UE) 2016\/679 relativo alla protezione delle persone fisiche, con riguardo al trattamento dei dati personali nonch\u00e9 alla loro libera circolazione (\u201cGDPR\u201d).\n\nLa presente Informativa potr\u00e0 essere integrata dal Titolare ove eventuali servizi aggiuntivi da Lei richiesti dovessero comportare ulteriori trattamenti.<\/p>&nbsp;\n\n\t  \t\n\t  \t\t<table>\n\t  \t\t\t<\/table><table>\n\t\t  \t\t<tbody><tr><td class=\"hdr\" style=\"padding-left:20px;text-align:left;border:0px solid #fff;font-size:30px;\" valign=\"middle\">\n\t\t  \t\t\t<i class=\"ace-icon fa fa-user\"><\/i> <span style=\"font-weight:bold;font-size:20px;\">TITOLARE DEL TRATTAMENTO<\/span><\/td><\/tr>\n\t\t  \t\t<tr><td valign=\"middle\" style=\"padding-left:20px;text-align:left;border:0px solid #fff;\">\n\t\t\t\t\t\t<p style=\"text-align:justify;\"><strong><em>AL GABBIANO SRL<\/em><\/strong>&nbsp;&nbsp;Email: &nbsp;info@algabbiano.it;&nbsp;&nbsp;&nbsp;P.IVA \/ CF:&nbsp; 03587870266;&nbsp;<\/p>\n\t\t\t\t\t<\/td><\/tr>\t\t\t\t\t\n\t\t\t\t<\/tbody><\/table>\n\t\t\t\t\n\t\t  \t<br><br><table>\n\t\t  \t\t<tbody><tr><td class=\"hdr\" style=\"padding-left:20px;text-align:left;border:0px solid #fff;font-size:30px;\" valign=\"middle\">\n\t\t  \t\t\t<i class=\"ace-icon fa fa-folder-open\"><\/i> <span style=\"font-weight:bold;font-size:20px;\">TIPI DI DATI TRATTATI<\/span><\/td><\/tr>\n\t\t  \t\t<tr><td valign=\"middle\" style=\"padding-left:20px;text-align:left;border:0px solid #fff;\">\n\t\t\t\t\t\t<p style=\"text-align:justify;\">Le attivit\u00e0 di trattamento svolte sono finalizzate all&#8217;acquisizione dei seguenti dati personali:<\/p>\n\t\t\t\n\t\t\t<ul>\n\t\t\t\t\t\t<li><strong>Cookie:<\/strong> Cookie di Profilazione.<\/li>\n\t\t\t\t\t\t\t\t<li><strong>Dati comportamentali:<\/strong> Log di navigazione.<\/li>\n\t\t\t\t\t\t\t\t<li><strong>Dati comuni:<\/strong> Dati anagrafici.<\/li>\n\t\t\t\t\t\t\t\t<\/ul>\n\t\t\t\t\t<\/td><\/tr>\n\t\t\t\t<\/tbody><\/table>\n\t\t\t\t<br><br>\n\t\t  <table style=\"display:none;\">\n\t\t\t  \t<tbody><tr><td class=\"hdr\" style=\"padding-left:20px;text-align:left;border:0px solid #fff;font-size:30px;\" valign=\"middle\">\n\t\t\t  \t<i class=\"ace-icon fa fa-users\"><\/i> <span style=\"font-weight:bold;font-size:20px;\">CATEGORIE DI INTERESSATI<\/span><\/td><\/tr>\n\t\t\t  \t<tr><td valign=\"middle\" style=\"padding-left:20px;text-align:left;border:0px solid #fff;\">\n\t\t\t\t\t\t<p style=\"text-align:justify;\">Le attivit\u00e0 di trattamento svolte sono rivolte alle seguenti categorie di interessati:<\/p>\n\t\t\t\t\t\t<table id=\"no-more-tables\" class=\"table table-striped table-bordered table-hover\">\n\t\t\t\t\t\t\t<thead>\n\t\t\t\t\t\t\t\t<tr><th>Categoria<\/th><\/tr>\n\t\t\t\t\t\t\t<\/thead>\n\t\t\t\t\t\t\t<tbody>\n\t\t\t\t\t\t\t\t<tr><td>Persone fisiche, persone giuridiche, organizzazioni pubbliche e private.<\/td><\/tr> \n\t\t\t\t\t\t\t<\/tbody>\n\t\t\t\t\t\t<\/table>\n\t\t\t\t\t<\/td><\/tr>\n\t\t\t\t<\/tbody><\/table>\n\t\t\t\t<table>\n\t\t\t\t  \t\t<tbody><tr>\n\t\t\t\t  \t\t\t<td valign=\"middle\" style=\"padding-left:20px;text-align:left;border:0px solid #fff;font-size:30px;\" class=\"hdr\"><i class=\"ace-icon fa fa-crosshairs\"><\/i> <span style=\"font-weight:bold;font-size:20px;\" class=\"hdr\">FINALIT\u00c0 DEL TRATTAMENTO E CONDIZIONE CHE RENDE LECITO IL TRATTAMENTO<\/span><\/td>\n\t\t\t\t  \t\t<\/tr>\n\t\t\t\t  \t<tr>\n\t\t\t\t\t\t\t\t<td valign=\"top\" style=\"width:60%;padding-left:20px;border:0px solid #fff;\">\n\t\t\t\t\t\t\t\t\t<p style=\"text-align:justify;\"><span style=\"font-weight:bold;font-size:18px;\">1. SITO &#8211; Dati Navigazione<\/span> <br>\n\t\t\t\t\t\t\t\t\tRicavare informazioni statistiche anonime sull&#8217;uso, controllare il corretto funzionamento del sito, accertamento di responsabilit\u00e0 in caso di ipotetici reati informatici ai danni del Titolare.<\/p><p><strong>Condizione Liceit\u00e0 Trattamento:<\/strong>&nbsp;Legittimo Interesse &#8211; Art. 6, c.1, let. f. GDPR<\/p>\n\t\t\t\t\t\t\t\t\t<p style=\"text-align:justify;\"><strong><img decoding=\"async\" src=\"https:\/\/www.iusprivacy.eu\/assets\/images\/print\/gavel.png\" style=\"height:13px;\"> Finalit\u00e0 del trattamento:<\/strong><\/p>\n\t\t\t\t\t\t\t\t\t<ul>\n\t\t\t\t\t\t\t\t  \t\t<li><p style=\"text-align:justify;\">Analisi dei dati per eseguire l&#8217;evoluzione e manutenzione del sito web.<\/p><\/li> <li><p style=\"text-align:justify;\">Accertamento di responsabilit\u00e0 in caso di potenziali reati informatici ai danni del sito e\/o degli Interessati al trattamento.<\/p><\/li> <li><p style=\"text-align:justify;\">Analisi statistiche, anonime, sull&#8217;impiego del sito.<\/p><\/li> <\/ul>\n\t\t\t\t\t\t\t\t\t\t<p style=\"text-align:justify;\"><strong><i class=\"ace-icon fa fa-edit\" style=\"font-size:19px;\"><\/i> Natura del conferimento:<\/strong> Obbligatoria &#8211; Il mancato conferimento dei dati comporter\u00e0 l\u2019impossibilit\u00e0 per l&#8217;azienda di erogare il servizio web fornito.<\/p><p style=\"text-align:justify;\"><strong><i class=\"ace-icon fa fa-calendar\" style=\"font-size:19px;\"><\/i> Periodo conservazione dati personali:<\/strong> I dati sono conservati per 30 giorni.<\/p><p style=\"text-align:justify;\"><strong><i class=\"ace-icon fa fa-cogs\" style=\"font-size:19px;\"><\/i> Modalit\u00e0 del Trattamento:<\/strong> Il trattamento \u00e8 eseguito con strumenti informatici.<br><\/p><\/td>\n\t\t\t\t\t\t\t<\/tr>\n\t\t\t\t\t\t\t<tr><td>&nbsp;<\/td><\/tr>\n\t\t\t\t\t\t\t<tr>\n\t\t\t\t\t\t\t\t<td valign=\"top\" style=\"width:60%;padding-left:20px;border:0px solid #fff;\">\n\t\t\t\t\t\t\t\t\t<p style=\"text-align:justify;\"><span style=\"font-weight:bold;font-size:18px;\">2. SITO &#8211; Richieste dal Sito<\/span> <br>\n\t\t\t\t\t\t\t\t\tRichieste formulate dagli interessati mediante il sito internet del Titolare del Trattamento.<\/p><p><strong>Condizione Liceit\u00e0 Trattamento:<\/strong>&nbsp;Esecuzione Contratto &#8211; Art. 6, c.1, let. b. GDPR<\/p>\n\t\t\t\t\t\t\t\t\t<p style=\"text-align:justify;\"><strong><img decoding=\"async\" src=\"https:\/\/www.iusprivacy.eu\/assets\/images\/print\/gavel.png\" style=\"height:13px;\"> Finalit\u00e0 del trattamento:<\/strong><\/p>\n\t\t\t\t\t\t\t\t\t<ul>\n\t\t\t\t\t\t\t\t  \t\t<li><p style=\"text-align:justify;\">Invio di richieste tramite strumenti della piattaforma web.<\/p><\/li> <\/ul>\n\t\t\t\t\t\t\t\t\t\t<p style=\"text-align:justify;\"><strong><i class=\"ace-icon fa fa-edit\" style=\"font-size:19px;\"><\/i> Natura del conferimento:<\/strong> Facoltativa &#8211; Il mancato conferimento dei dati comporter\u00e0 l&#8217;impossibilit\u00e0, per il Titolare del Trattamento, di rispondere alle richieste dell&#8217;interessato.<\/p><p style=\"text-align:justify;\"><strong><i class=\"ace-icon fa fa-calendar\" style=\"font-size:19px;\"><\/i> Periodo conservazione dati personali:<\/strong> Evasione della richiesta.<\/p><p style=\"text-align:justify;\"><strong><i class=\"ace-icon fa fa-cogs\" style=\"font-size:19px;\"><\/i> Modalit\u00e0 del Trattamento:<\/strong> Il trattamento \u00e8 eseguito con strumenti informatici.<br><\/p><\/td>\n\t\t\t\t\t\t\t<\/tr>\n\t\t\t\t\t\t\t<tr><td>&nbsp;<\/td><\/tr>\n\t\t\t\t\t\t\t<tr>\n\t\t\t\t\t\t\t\t<td valign=\"top\" style=\"width:60%;padding-left:20px;border:0px solid #fff;\">\n\t\t\t\t\t\t\t\t\t<p style=\"text-align:justify;\"><span style=\"font-weight:bold;font-size:18px;\">3. PAGINA SOCIAL FACEBOOK<\/span> <br>\n\t\t\t\t\t\t\t\t\t<\/p><p style=\"text-align:justify;\">Quando un utente utilizza la <strong><em>Pagina<\/em><\/strong> amministrata dal Titolare, Facebook (\u201c<em>Social Media<\/em>\u201d) raccoglie informazioni quali ad esempio i tipi di contenuti visualizzati o con cui interagisce, le azioni eseguite nonch\u00e9 le informazioni sui dispositivi usati (indirizzi IP, sistema operativo, tipo di browser, impostazioni della lingua, dati sui cookie).<\/p>\n<p style=\"text-align:justify;\">Gli <strong>Insights<\/strong> della <strong><em>Pagina<\/em><\/strong> sono statistiche aggregate create da determinati eventi registrati dai server di Facebook quando gli utenti interagiscono con le <strong><em>Pagine<\/em><\/strong> e i contenuti in esse presenti.<\/p>\n<p style=\"text-align:justify;\">Come illustrato nella <strong><em><a href=\"https:\/\/www.facebook.com\/policy\" target=\"_blanck\" rel=\"noopener noreferrer\">Privacy Policy<\/a><\/em><\/strong>&nbsp;di Facebook, il <em>Social Media<\/em>\n raccoglie e usa informazioni anche per fornire servizi di raccolta di dati statistici definiti <a href=\"https:\/\/www.facebook.com\/business\/pages\/manage#page_insights\" target=\"_blanck\" rel=\"noopener noreferrer\"><strong><em>Insights <\/em><\/strong> della <strong><em> Pagina<\/em><\/strong><\/a> agli amministratori delle pagine per consentire loro di capire la modalit\u00e0 con cui le persone interagiscono&nbsp; con i contenuti in esse presenti.<\/p>\n<p style=\"text-align:justify;\">I dettagli sulle modalit\u00e0 di trattamento eseguito da Facebook sono disponibili al seguente link:<\/p> <p style=\"text-align:justify;\"><a href=\"https:\/\/www.facebook.com\/privacy\/explanation\" target=\"_blanck\" rel=\"noopener noreferrer\">https:\/\/www.facebook.com\/privacy\/explanation<\/a><\/p>\n<p style=\"text-align:justify;\">I dettagli sui dati personali trattati per Insights sono disponibili al seguente link:<\/p>\n<p style=\"text-align:justify;\"><a href=\"https:\/\/www.facebook.com\/legal\/terms\/information_about_page_insights_data\" target=\"_blanck\" rel=\"noopener noreferrer\">https:\/\/www.facebook.com\/legal\/terms\/information_about_page_insights_data<\/a><\/p>\n<p style=\"text-align:justify;\">I dettagli sui cookie utilizzati da Facebook, sono disponibili al seguente link:<\/p>\n<p style=\"text-align:justify;\"><a href=\"https:\/\/www.facebook.com\/policies\/cookies\/\" target=\"_blanck\" rel=\"noopener noreferrer\">https:\/\/www.facebook.com\/policies\/cookies\/<\/a><\/p>\n<p style=\"text-align:justify;\">Il Titolare del Trattamento come amministratore della Pagina&nbsp; e Facebook Ireland Limited (4 Grand Canal Square, Grand Canal Harbour, Dublin 2, Ireland)&nbsp; sono <strong>contitolari del trattamento<\/strong> in conformit\u00e0 con l&#8217;articolo 26 del GDPR per il trattamento di tali dati personali registrati per gli&nbsp; eventi erogati tramite <a href=\"https:\/\/www.facebook.com\/business\/pages\/manage#page_insights\" target=\"_blanck\" rel=\"noopener noreferrer\"><strong><em>Insights<\/em><\/strong><strong> della Pagina<\/strong><\/a> (&#8220;Dati di Insights&#8221;).<\/p>\n<p style=\"text-align:justify;\"><a href=\"https:\/\/www.facebook.com\/legal\/terms\/page_controller_addendum\" target=\"_blanck\" rel=\"noopener noreferrer\"><strong>L\u2019accordo di contitolarit\u00e0<\/strong><\/a>, fra il Titolare e Facebook, copre la creazione di tali eventi e la loro aggregazione in Insights nella&nbsp; <strong><em>Pagina<\/em><\/strong> fornita ad ogni amministratore.&nbsp;&nbsp;<\/p>\n<p style=\"text-align:justify;\">La base giuridica del trattamento \u00e8 l\u2019<strong>interesse legittimo del Titolare<\/strong>, art. 6, paragrafo 1, lettera f), GDPR. Pertanto, non \u00e8 necessaria l\u2019acquisizione di un Suo preventivo consenso al trattamento.<\/p><p><strong>Condizione Liceit\u00e0 Trattamento:<\/strong>&nbsp;Legittimo Interesse &#8211; Art. 6, c.1, let. f. GDPR<\/p>\n\t\t\t\t\t\t\t\t\t<p style=\"text-align:justify;\"><strong><img decoding=\"async\" src=\"https:\/\/www.iusprivacy.eu\/assets\/images\/print\/gavel.png\" style=\"height:13px;\"> Finalit\u00e0 del trattamento:<\/strong><\/p>\n\t\t\t\t\t\t\t\t\t<ul>\n\t\t\t\t\t\t\t\t  \t\t<li><p style=\"text-align:justify;\">Rilevazioni statistiche relative all&#8217;utilizzo di elementi contenuti all&#8217;interno della pagina Facebook amministrata dal Titolare del trattamento.<\/p><\/li> <\/ul>\n\t\t\t\t\t\t\t\t\t\t<p style=\"text-align:justify;\"><strong><i class=\"ace-icon fa fa-edit\" style=\"font-size:19px;\"><\/i> Natura del conferimento:<\/strong> Obbligatorio &#8211; Il mancato conferimento dei dati richiesti comporter\u00e0 l\u2019impossibilit\u00e0 per il Titolare di fornire servizi tramite la Pagina pubblicata su Facebook.<\/p><p style=\"text-align:justify;\"><strong><i class=\"ace-icon fa fa-calendar\" style=\"font-size:19px;\"><\/i> Periodo conservazione dati personali:<\/strong> I dati raccolti saranno trattati per il tempo strettamente per la realizzazione delle finalit\u00e0 sopradescritte come specificato nelle policy Facebook sopra descritte.<\/p><p style=\"text-align:justify;\"><strong><i class=\"ace-icon fa fa-cogs\" style=\"font-size:19px;\"><\/i> Modalit\u00e0 del Trattamento:<\/strong> Il trattamento \u00e8 eseguito con mezzi informatici dal Contitolare Facebook<br><\/p><\/td>\n\t\t\t\t\t\t\t<\/tr>\n\t\t\t\t\t\t\t<tr><td>&nbsp;<\/td><\/tr>\n\t\t\t\t\t\t\t<tr>\n\t\t\t\t\t\t\t\t<td valign=\"top\" style=\"width:60%;padding-left:20px;border:0px solid #fff;\">\n\t\t\t\t\t\t\t\t\t<p style=\"text-align:justify;\"><span style=\"font-weight:bold;font-size:18px;\">4. Google Font<\/span> <br>\n\t\t\t\t\t\t\t\t\tI tuoi dati personali saranno impiegati per migliorare la fruibilit\u00e0 dei contenuti del sito del Titolare mediante l&#8217;utilizzo del servizio Google Fonts.\nTutti i font Google permettono il caricamento delle pagine in modo pi\u00f9 veloce, sono ottimizzati automaticamente per il web comportando la riduzione del volume di dati trasmessi ai client degli utenti migliorando la qualit\u00e0 della fruizione dei contenuti del sito o applicazioni del Titolare. \nL&#8217;uso dei font Google \u00e8 sicuro ed evitano la distorsione della visualizzazione dei testi presenti sul sito o applicazione del Titolare\nGoogle Fonts supporta tutti i browser pi\u00f9 diffusi e funziona in modo affidabile sulla maggior parte dei sistemi operativi mobili moderni.<\/p><p><strong>Condizione Liceit\u00e0 Trattamento:<\/strong>&nbsp;Legittimo Interesse &#8211; Art. 6, c.1, let. f. GDPR<\/p>\n\t\t\t\t\t\t\t\t\t<p style=\"text-align:justify;\"><strong><img decoding=\"async\" src=\"https:\/\/www.iusprivacy.eu\/assets\/images\/print\/gavel.png\" style=\"height:13px;\"> Finalit\u00e0 del trattamento:<\/strong><\/p>\n\t\t\t\t\t\t\t\t\t<ul>\n\t\t\t\t\t\t\t\t  \t\t<li><p style=\"text-align:justify;\">Impiego di file CSS, che determinano lo stile e la qualit\u00e0 del contenuto del sito\/App, forniti dal servizio Google Font.<\/p><\/li> <\/ul>\n\t\t\t\t\t\t\t\t\t\t<p style=\"text-align:justify;\"><strong><i class=\"ace-icon fa fa-edit\" style=\"font-size:19px;\"><\/i> Natura del conferimento:<\/strong> Obbligatorio &#8211; L&#8217;opposizione al trattamento potrebbe comportare l&#8217;impossibilit\u00e0, per il Titolare del Trattamento, di assicurare la migliore consultazione dei contenuti presenti sul sito\/app.<\/p><p style=\"text-align:justify;\"><strong><i class=\"ace-icon fa fa-calendar\" style=\"font-size:19px;\"><\/i> Periodo conservazione dati personali:<\/strong> Le modalit\u00e0 con cui vengono raccolti e memorizzati i dati sono ricavabili dalla https:\/\/policies.google.com\/privacy<\/p><p style=\"text-align:justify;\"><strong><i class=\"ace-icon fa fa-cogs\" style=\"font-size:19px;\"><\/i> Modalit\u00e0 del Trattamento:<\/strong> Il servizio Google Font \u00e8 fornito da Google nella qualit\u00e0 di Titolare Autonomo.\nL&#8217;utilizzo di Google Font non prevede la registrazione o autenticazione ai sistemi Google .\nNessun cookie viene memorizzato nel  browser. \nI file (CSS, font) sono forniti al browser mediante i domini di Google fonts.googleapis.com e fonts.gstatic.com.\nI CSS e font forniti sono completamente separate da tutti gli altri servizi di Google.\nPer ulteriori informazioni \u00e8 possibile consultare la privacy policy di Google https:\/\/policies.google.com\/privacy<br><\/p><\/td>\n\t\t\t\t\t\t\t<\/tr>\n\t\t\t\t\t\t\t<tr><td>&nbsp;<\/td><\/tr>\n\t\t\t\t\t\t\t<\/tbody><\/table><br><br>\n\t\t\t\t\t\t<table>\n\t\t  \t\t\t\t<tbody><tr><td class=\"hdr\" style=\"padding-left:20px;text-align:left;border:0px solid #fff;font-size:30px;\" valign=\"middle\"><i class=\"ace-icon fa fa-industry\"><\/i> <span style=\"font-weight:bold;font-size:20px;\">DESTINATARI DEL TRATTAMENTO<\/span><\/td><\/tr>\n\t\t  \t\t\t\t<tr><td valign=\"middle\" style=\"padding-left:20px;text-align:left;border:0px solid #fff;\">\n\t\t\t\t\t\t\t\t<ul>\n\t\t\t\t\t\t\t\t<li><p style=\"text-align:justify;\"><strong>Responsabile del Trattamento:<\/strong> Fornitori Servizi di Hosting.<\/p><\/li> <\/ul>\n\t\t\t\t\t\t\t<\/td><\/tr>\n\t\t\t\t\t\t<\/tbody><\/table>\n\t\t\t\t\t\t<br><br>\n\t\t\t\t<table>\n\t\t  \t\t<tbody><tr><td class=\"hdr\" style=\"padding-left:20px;text-align:left;border:0px solid #fff;font-size:30px;\" valign=\"middle\"><i class=\"ace-icon fa fa-shield\"><\/i> <span style=\"font-weight:bold;font-size:20px;\">DIRITTI DELL&#8217;INTERESSATO &#8211; RECLAMO ALL&#8217;AUTORIT\u00c0 DI CONTROLLO<\/span><\/td><\/tr>\n\t\t  \t\t<tr><td valign=\"middle\" style=\"padding-left:20px;text-align:left;border:0px solid #fff;\">\n\t\t\t\t\t\t<p style=\"text-align:justify;\"><\/p><p style=\"text-align: justify;\">In relazione ai trattamenti descritti nella presente Informativa, in qualit\u00e0 di interessato Lei potr\u00e0, alle condizioni previste dal GDPR, esercitare i diritti sanciti dagli articoli da 15 a 22 del GDPR e, in particolare, i seguenti diritti: &nbsp;&nbsp; &nbsp;<\/p>\n<ul style=\"text-align: justify;\">\n<li><strong>diritto di accesso<\/strong> \u2013 articolo 15 GDPR: diritto di ottenere conferma che sia o meno in corso un trattamento di dati personali che La riguardano e, in tal caso, ottenere l&#8217;accesso ai Suoi dati personali;<\/li>\n<li><strong>diritto di rettifica<\/strong> \u2013 articolo 16 GDPR: diritto di ottenere, senza ingiustificato ritardo, la rettifica dei dati personali inesatti che La riguardano e\/o l\u2019integrazione dei dati personali incompleti;<\/li>\n<li><strong>diritto alla cancellazione (diritto all\u2019oblio)<\/strong> \u2013 articolo 17 GDPR: diritto di ottenere, senza ingiustificato ritardo, la cancellazione dei dati personali che La riguardano. Il diritto alla cancellazione non si applica nella misura in cui il trattamento sia necessario per l\u2019adempimento di un obbligo legale o per l\u2019esecuzione di un compito svolto nel pubblico interesse o per l\u2019accertamento, l\u2019esercizio o la difesa di un diritto in sede giudiziaria.<\/li>\n<li><strong>diritto di limitazione di trattamento<\/strong> \u2013 articolo 18 GDPR: diritto di ottenere la limitazione del trattamento, quando: a) l\u2019interessato contesta l\u2019esattezza dei dati personali; b) il trattamento \u00e8 illecito e l\u2019interessato si oppone alla cancellazione dei dati personali e chiede invece che ne sia limitato l\u2019utilizzo ; c) i dati personali sono necessari all\u2019interessato per l\u2019accertamento, l\u2019esercizio o la difesa di un diritto in sede giudiziaria; d) l&#8217;interessato si \u00e8 opposto al trattamento in attesa della verifica in merito all&#8217;eventuale prevalenza dei motivi legittimi del titolare del trattamento rispetto a quelli dell&#8217;interessato.<\/li>\n<li><strong>diritto alla portabilit\u00e0 dei dati<\/strong> \u2013 articolo 20 GDPR: diritto di ricevere, in un formato strutturato, di uso comune e leggibile da un dispositivo automatico, i dati personali che La riguardano forniti al Titolare e il diritto di trasmetterli a un altro titolare senza impedimenti, qualora il trattamento si basi sul consenso e sia effettuato con mezzi automatizzati. Inoltre, il diritto di ottenere che i Suoi dati personali siano trasmessi direttamente da questo titolare ad altro titolare qualora ci\u00f2 sia tecnicamente fattibile;<\/li>\n<li><strong>diritto di opposizione<\/strong> \u2013 articolo 21 GDPR: diritto di opporsi, in qualsiasi momento, al trattamento dei dati personali che La riguardano basati sulla condizione di legittimit\u00e0 del legittimo interesse, compresa la profilazione, salvo che sussistano motivi legittimi per il Titolare di continuare il trattamento che prevalgono sugli interessi, sui diritti e sulle libert\u00e0 dell\u2019interessato oppure per l\u2019accertamento, l\u2019esercizio o la difesa di un diritto in sede giudiziaria.<\/li>\n<li><strong>diritto a non essere sottoposto a un processo decisionale automatizzato<\/strong> \u2013 articolo 22 GDPR: l&#8217;interessato ha il diritto di non essere sottoposto a una decisione basata unicamente sul trattamento automatizzato, compresa la profilazione, che produca effetti giuridici che lo riguardano o che incida in modo analogo significativamente sulla sua persona, salvo che ci\u00f2 sia necessario per la conclusione o esecuzione di un contratto o Lei abbia rilasciato il Suo consenso. In ogni caso, un processo decisionale automatizzato non potr\u00e0 riguardare i Suoi dati personali e Lei potr\u00e0 in ogni momento ottenere l&#8217;intervento umano da parte del titolare del trattamento, esprimere la propria opinione e contestare la decisione.<\/li>\n<li><strong>diritto di proporre reclamo<\/strong> all\u2019Autorit\u00e0 Garante per la protezione dei dati personali: <a class=\"ext\" href=\"http:\/\/www.garanteprivacy.it\" target=\"_blank\" rel=\"noopener noreferrer nofollow\">http:\/\/www.garanteprivacy.it<\/a>;<\/li>\n<li><strong>revocare il consenso<\/strong> prestato in ogni occasione e con la stessa facilit\u00e0 con cui \u00e8 stato fornito senza pregiudicare la liceit\u00e0 del trattamento basata sul consenso prestato prima della revoca.<\/li>\n<\/ul>\n<p style=\"text-align: justify;\">I diritti di cui sopra potranno essere esercitati, nei confronti del Titolare, contattando i riferimenti sopra indicati.<br> L\u2019esercizio dei Suoi diritti in qualit\u00e0 di interessato \u00e8 gratuito ai sensi dell\u2019articolo 12 GDPR. Tuttavia, nel caso di richieste manifestamente infondate o eccessive, anche per la loro ripetitivit\u00e0, il Titolare potrebbe addebitarle un contributo spese ragionevole, alla luce dei costi amministrativi sostenuti per gestire la Sua richiesta, o negare la soddisfazione della sua richiesta.<br> La informiamo, infine, che il Titolare potr\u00e0 richiedere ulteriori informazioni necessarie a confermare l\u2019identit\u00e0 dell\u2019interessato.<\/p><ul style=\"margin-left:1em;\">\n\t\t\t\t\t\t<\/ul>\n\t\t\t\t\t<\/td><\/tr>\n\t\t\t\t<\/tbody><\/table>\n\t\t\t\t<hr><h2 style=\"font-size:14px;font-weight:normal;text-align:center;font-variant:small-caps;\">www.iusprivacy.eu, WRP srl &#8211; Largo RahMan 2,  90142 Palermo, C.F.\/P.I. 05395060824<\/h2>\n\t  \t<\/div>\n\t\t\t\t<\/div>\n\t\t\t<\/div>\n\n<\/div>\n<\/div><\/div>","protected":false},"excerpt":{"rendered":"","protected":false},"author":3,"featured_media":0,"parent":0,"menu_order":0,"comment_status":"closed","ping_status":"closed","template":"","meta":{"_acf_changed":false,"advgb_blocks_editor_width":"","advgb_blocks_columns_visual_guide":"","footnotes":""},"class_list":["post-27","page","type-page","status-publish","hentry"],"acf":[],"yoast_head":"<!-- This site is optimized with the Yoast SEO plugin v25.8 - https:\/\/yoast.com\/wordpress\/plugins\/seo\/ -->\n<title>Privacy policy - Hotel Al Gabbiano<\/title>\n<meta name=\"robots\" content=\"index, follow, max-snippet:-1, max-image-preview:large, max-video-preview:-1\" \/>\n<link rel=\"canonical\" href=\"https:\/\/www.algabbiano.it\/it\/privacy-policy\/\" \/>\n<meta property=\"og:locale\" content=\"it_IT\" \/>\n<meta property=\"og:type\" content=\"article\" \/>\n<meta property=\"og:title\" content=\"Privacy policy - Hotel Al Gabbiano\" \/>\n<meta property=\"og:url\" content=\"https:\/\/www.algabbiano.it\/it\/privacy-policy\/\" \/>\n<meta property=\"og:site_name\" content=\"Hotel Al Gabbiano\" \/>\n<meta property=\"article:publisher\" content=\"https:\/\/www.facebook.com\/al.gabbiano.5\/\" \/>\n<meta property=\"article:modified_time\" content=\"2022-04-07T07:47:14+00:00\" \/>\n<meta property=\"og:image\" content=\"https:\/\/www.iusprivacy.eu\/assets\/images\/print\/gavel.png\" \/>\n<meta name=\"twitter:card\" content=\"summary_large_image\" \/>\n<meta name=\"twitter:label1\" content=\"Tempo di lettura stimato\" \/>\n\t<meta name=\"twitter:data1\" content=\"9 minuti\" \/>\n<script type=\"application\/ld+json\" class=\"yoast-schema-graph\">{\"@context\":\"https:\/\/schema.org\",\"@graph\":[{\"@type\":\"WebPage\",\"@id\":\"https:\/\/www.algabbiano.it\/it\/privacy-policy\/\",\"url\":\"https:\/\/www.algabbiano.it\/it\/privacy-policy\/\",\"name\":\"Privacy policy - Hotel Al Gabbiano\",\"isPartOf\":{\"@id\":\"https:\/\/www.algabbiano.it\/it\/#website\"},\"primaryImageOfPage\":{\"@id\":\"https:\/\/www.algabbiano.it\/it\/privacy-policy\/#primaryimage\"},\"image\":{\"@id\":\"https:\/\/www.algabbiano.it\/it\/privacy-policy\/#primaryimage\"},\"thumbnailUrl\":\"https:\/\/www.iusprivacy.eu\/assets\/images\/print\/gavel.png\",\"datePublished\":\"2020-07-14T13:54:05+00:00\",\"dateModified\":\"2022-04-07T07:47:14+00:00\",\"breadcrumb\":{\"@id\":\"https:\/\/www.algabbiano.it\/it\/privacy-policy\/#breadcrumb\"},\"inLanguage\":\"it-IT\",\"potentialAction\":[{\"@type\":\"ReadAction\",\"target\":[\"https:\/\/www.algabbiano.it\/it\/privacy-policy\/\"]}]},{\"@type\":\"ImageObject\",\"inLanguage\":\"it-IT\",\"@id\":\"https:\/\/www.algabbiano.it\/it\/privacy-policy\/#primaryimage\",\"url\":\"https:\/\/www.iusprivacy.eu\/assets\/images\/print\/gavel.png\",\"contentUrl\":\"https:\/\/www.iusprivacy.eu\/assets\/images\/print\/gavel.png\"},{\"@type\":\"BreadcrumbList\",\"@id\":\"https:\/\/www.algabbiano.it\/it\/privacy-policy\/#breadcrumb\",\"itemListElement\":[{\"@type\":\"ListItem\",\"position\":1,\"name\":\"Home\",\"item\":\"https:\/\/www.algabbiano.it\/it\/\"},{\"@type\":\"ListItem\",\"position\":2,\"name\":\"Privacy policy\"}]},{\"@type\":\"WebSite\",\"@id\":\"https:\/\/www.algabbiano.it\/it\/#website\",\"url\":\"https:\/\/www.algabbiano.it\/it\/\",\"name\":\"Hotel Al Gabbiano - Levada di Ponte di Piave\",\"description\":\"Hotel &amp; Apartments | Levada di Ponte di Piave\",\"publisher\":{\"@id\":\"https:\/\/www.algabbiano.it\/it\/#organization\"},\"potentialAction\":[{\"@type\":\"SearchAction\",\"target\":{\"@type\":\"EntryPoint\",\"urlTemplate\":\"https:\/\/www.algabbiano.it\/it\/?s={search_term_string}\"},\"query-input\":{\"@type\":\"PropertyValueSpecification\",\"valueRequired\":true,\"valueName\":\"search_term_string\"}}],\"inLanguage\":\"it-IT\"},{\"@type\":\"Organization\",\"@id\":\"https:\/\/www.algabbiano.it\/it\/#organization\",\"name\":\"Al Gabbiano\",\"url\":\"https:\/\/www.algabbiano.it\/it\/\",\"logo\":{\"@type\":\"ImageObject\",\"inLanguage\":\"it-IT\",\"@id\":\"https:\/\/www.algabbiano.it\/it\/#\/schema\/logo\/image\/\",\"url\":\"\",\"contentUrl\":\"\",\"caption\":\"Al Gabbiano\"},\"image\":{\"@id\":\"https:\/\/www.algabbiano.it\/it\/#\/schema\/logo\/image\/\"},\"sameAs\":[\"https:\/\/www.facebook.com\/al.gabbiano.5\/\",\"https:\/\/www.instagram.com\/algabbiano\/\"]}]}<\/script>\n<!-- \/ Yoast SEO plugin. -->","yoast_head_json":{"title":"Privacy policy - Hotel Al Gabbiano","robots":{"index":"index","follow":"follow","max-snippet":"max-snippet:-1","max-image-preview":"max-image-preview:large","max-video-preview":"max-video-preview:-1"},"canonical":"https:\/\/www.algabbiano.it\/it\/privacy-policy\/","og_locale":"it_IT","og_type":"article","og_title":"Privacy policy - Hotel Al Gabbiano","og_url":"https:\/\/www.algabbiano.it\/it\/privacy-policy\/","og_site_name":"Hotel Al Gabbiano","article_publisher":"https:\/\/www.facebook.com\/al.gabbiano.5\/","article_modified_time":"2022-04-07T07:47:14+00:00","og_image":[{"url":"https:\/\/www.iusprivacy.eu\/assets\/images\/print\/gavel.png","type":"","width":"","height":""}],"twitter_card":"summary_large_image","twitter_misc":{"Tempo di lettura stimato":"9 minuti"},"schema":{"@context":"https:\/\/schema.org","@graph":[{"@type":"WebPage","@id":"https:\/\/www.algabbiano.it\/it\/privacy-policy\/","url":"https:\/\/www.algabbiano.it\/it\/privacy-policy\/","name":"Privacy policy - Hotel Al Gabbiano","isPartOf":{"@id":"https:\/\/www.algabbiano.it\/it\/#website"},"primaryImageOfPage":{"@id":"https:\/\/www.algabbiano.it\/it\/privacy-policy\/#primaryimage"},"image":{"@id":"https:\/\/www.algabbiano.it\/it\/privacy-policy\/#primaryimage"},"thumbnailUrl":"https:\/\/www.iusprivacy.eu\/assets\/images\/print\/gavel.png","datePublished":"2020-07-14T13:54:05+00:00","dateModified":"2022-04-07T07:47:14+00:00","breadcrumb":{"@id":"https:\/\/www.algabbiano.it\/it\/privacy-policy\/#breadcrumb"},"inLanguage":"it-IT","potentialAction":[{"@type":"ReadAction","target":["https:\/\/www.algabbiano.it\/it\/privacy-policy\/"]}]},{"@type":"ImageObject","inLanguage":"it-IT","@id":"https:\/\/www.algabbiano.it\/it\/privacy-policy\/#primaryimage","url":"https:\/\/www.iusprivacy.eu\/assets\/images\/print\/gavel.png","contentUrl":"https:\/\/www.iusprivacy.eu\/assets\/images\/print\/gavel.png"},{"@type":"BreadcrumbList","@id":"https:\/\/www.algabbiano.it\/it\/privacy-policy\/#breadcrumb","itemListElement":[{"@type":"ListItem","position":1,"name":"Home","item":"https:\/\/www.algabbiano.it\/it\/"},{"@type":"ListItem","position":2,"name":"Privacy policy"}]},{"@type":"WebSite","@id":"https:\/\/www.algabbiano.it\/it\/#website","url":"https:\/\/www.algabbiano.it\/it\/","name":"Hotel Al Gabbiano - Levada di Ponte di Piave","description":"Hotel &amp; Apartments | Levada di Ponte di Piave","publisher":{"@id":"https:\/\/www.algabbiano.it\/it\/#organization"},"potentialAction":[{"@type":"SearchAction","target":{"@type":"EntryPoint","urlTemplate":"https:\/\/www.algabbiano.it\/it\/?s={search_term_string}"},"query-input":{"@type":"PropertyValueSpecification","valueRequired":true,"valueName":"search_term_string"}}],"inLanguage":"it-IT"},{"@type":"Organization","@id":"https:\/\/www.algabbiano.it\/it\/#organization","name":"Al Gabbiano","url":"https:\/\/www.algabbiano.it\/it\/","logo":{"@type":"ImageObject","inLanguage":"it-IT","@id":"https:\/\/www.algabbiano.it\/it\/#\/schema\/logo\/image\/","url":"","contentUrl":"","caption":"Al Gabbiano"},"image":{"@id":"https:\/\/www.algabbiano.it\/it\/#\/schema\/logo\/image\/"},"sameAs":["https:\/\/www.facebook.com\/al.gabbiano.5\/","https:\/\/www.instagram.com\/algabbiano\/"]}]}},"coauthors":[],"author_meta":{"author_link":"https:\/\/www.algabbiano.it\/it\/author\/gab_b-4noadmin\/","display_name":"Gab_b-4noadmin"},"relative_dates":{"created":"Pubblicato 6 anni fa","modified":"Aggiornato 4 anni fa"},"absolute_dates":{"created":"Pubblicato il 14 Luglio 2020","modified":"Aggiornato il 7 Aprile 2022"},"absolute_dates_time":{"created":"Pubblicato il 14 Luglio 2020 15:54","modified":"Aggiornato il 7 Aprile 2022 09:47"},"featured_img_caption":"","featured_img":false,"series_order":"","_links":{"self":[{"href":"https:\/\/www.algabbiano.it\/it\/wp-json\/wp\/v2\/pages\/27","targetHints":{"allow":["GET"]}}],"collection":[{"href":"https:\/\/www.algabbiano.it\/it\/wp-json\/wp\/v2\/pages"}],"about":[{"href":"https:\/\/www.algabbiano.it\/it\/wp-json\/wp\/v2\/types\/page"}],"author":[{"embeddable":true,"href":"https:\/\/www.algabbiano.it\/it\/wp-json\/wp\/v2\/users\/3"}],"replies":[{"embeddable":true,"href":"https:\/\/www.algabbiano.it\/it\/wp-json\/wp\/v2\/comments?post=27"}],"version-history":[{"count":0,"href":"https:\/\/www.algabbiano.it\/it\/wp-json\/wp\/v2\/pages\/27\/revisions"}],"wp:attachment":[{"href":"https:\/\/www.algabbiano.it\/it\/wp-json\/wp\/v2\/media?parent=27"}],"curies":[{"name":"wp","href":"https:\/\/api.w.org\/{rel}","templated":true}]}}